{"id":8,"date":"2023-07-11T07:55:24","date_gmt":"2023-07-11T07:55:24","guid":{"rendered":"https:\/\/portugal.de\/?page_id=8"},"modified":"2025-10-09T09:24:57","modified_gmt":"2025-10-09T09:24:57","slug":"portugal-in-deutschland","status":"publish","type":"page","link":"https:\/\/portugal.de\/pt\/","title":{"rendered":"Portugal na Alemanha"},"content":{"rendered":"<div data-elementor-type=\"wp-page\" data-elementor-id=\"8\" class=\"elementor elementor-8\">\n\t\t\t\t\t\t<section class=\"elementor-section elementor-top-section elementor-element elementor-element-6b430d4 elementor-section-boxed elementor-section-height-default elementor-section-height-default\" data-id=\"6b430d4\" data-element_type=\"section\" data-e-type=\"section\">\n\t\t\t\t\t\t<div class=\"elementor-container elementor-column-gap-default\">\n\t\t\t\t\t<div class=\"elementor-column elementor-col-100 elementor-top-column elementor-element elementor-element-a086937\" data-id=\"a086937\" data-element_type=\"column\" data-e-type=\"column\">\n\t\t\t<div class=\"elementor-widget-wrap elementor-element-populated\">\n\t\t\t\t\t\t<div class=\"elementor-element elementor-element-11038f1 elementor-arrows-position-outside elementor-pagination-position-outside elementor-widget elementor-widget-image-carousel\" data-id=\"11038f1\" data-element_type=\"widget\" data-e-type=\"widget\" data-settings=\"{&quot;slides_to_show&quot;:&quot;3&quot;,&quot;lazyload&quot;:&quot;yes&quot;,&quot;_animation&quot;:&quot;none&quot;,&quot;autoplay_speed&quot;:2500,&quot;speed&quot;:1000,&quot;navigation&quot;:&quot;both&quot;,&quot;autoplay&quot;:&quot;yes&quot;,&quot;pause_on_hover&quot;:&quot;yes&quot;,&quot;pause_on_interaction&quot;:&quot;yes&quot;,&quot;infinite&quot;:&quot;yes&quot;,&quot;image_spacing_custom&quot;:{&quot;unit&quot;:&quot;px&quot;,&quot;size&quot;:20,&quot;sizes&quot;:[]},&quot;image_spacing_custom_tablet&quot;:{&quot;unit&quot;:&quot;px&quot;,&quot;size&quot;:&quot;&quot;,&quot;sizes&quot;:[]},&quot;image_spacing_custom_mobile&quot;:{&quot;unit&quot;:&quot;px&quot;,&quot;size&quot;:&quot;&quot;,&quot;sizes&quot;:[]}}\" data-widget_type=\"image-carousel.default\">\n\t\t\t\t<div class=\"elementor-widget-container\">\n\t\t\t\t\t            <div class=\"elementor-image-carousel-wrapper swiper\" role=\"region\" aria-roledescription=\"carousel\" aria-label=\"Bild Karussell\" dir=\"ltr\">\n                <div class=\"elementor-image-carousel swiper-wrapper\" aria-live=\"off\">\n\t\t\t\t\t\t\t\t\t\t<div class=\"swiper-slide\"><a data-elementor-open-lightbox=\"no\" href=\"https:\/\/berlin.portugal.de\" target=\"_blank\"><figure class=\"swiper-slide-inner\"><img decoding=\"async\" class=\"swiper-slide-image\" src=\"https:\/\/portugal.de\/wp-content\/uploads\/2023\/07\/pexels-shvets-anna-2570063-scaled-e1689065237288-300x300.jpg\" alt=\"Berlin\" \/><figcaption class=\"elementor-image-carousel-caption\">Portugal em Berlim<\/figcaption><\/figure><\/a><\/div><div class=\"swiper-slide\"><a data-elementor-open-lightbox=\"no\" href=\"https:\/\/duesseldorf.portugal.de\" target=\"_blank\"><figure class=\"swiper-slide-inner\"><img decoding=\"async\" class=\"swiper-slide-image\" src=\"https:\/\/portugal.de\/wp-content\/uploads\/2023\/07\/pexels-miguel-andres-parra-15007781-scaled-e1689065210638-300x300.jpg\" alt=\"D\u00fcsseldorf\" \/><figcaption class=\"elementor-image-carousel-caption\">Portugal em D\u00fcsseldorf<\/figcaption><\/figure><\/a><\/div><div class=\"swiper-slide\"><a data-elementor-open-lightbox=\"no\" href=\"https:\/\/frankfurt.portugal.de\" target=\"_blank\"><figure class=\"swiper-slide-inner\"><img decoding=\"async\" class=\"swiper-slide-image\" src=\"https:\/\/portugal.de\/wp-content\/uploads\/2023\/10\/frankfurt-scaled-e1696256451425-300x300.jpg\" alt=\"Frankfurt\" \/><figcaption class=\"elementor-image-carousel-caption\">Portugal em Frankfurt<\/figcaption><\/figure><\/a><\/div><div class=\"swiper-slide\"><a data-elementor-open-lightbox=\"no\" href=\"https:\/\/hamburg.portugal.de\" target=\"_blank\"><figure class=\"swiper-slide-inner\"><img decoding=\"async\" class=\"swiper-slide-image\" src=\"https:\/\/portugal.de\/wp-content\/uploads\/2023\/07\/pexels-photo-258642-e1689168561986-300x300.jpeg\" alt=\"Hamburg\" \/><figcaption class=\"elementor-image-carousel-caption\">Portugal em Hamburgo<\/figcaption><\/figure><\/a><\/div><div class=\"swiper-slide\"><a data-elementor-open-lightbox=\"no\" href=\"https:\/\/muenchen.portugal.de\" target=\"_blank\"><figure class=\"swiper-slide-inner\"><img decoding=\"async\" class=\"swiper-slide-image\" src=\"https:\/\/portugal.de\/wp-content\/uploads\/2023\/10\/munique-scaled-e1696256425472-300x300.jpg\" alt=\"M\u00fcnchen\" \/><figcaption class=\"elementor-image-carousel-caption\">Portugal em Munique<\/figcaption><\/figure><\/a><\/div><div class=\"swiper-slide\"><a data-elementor-open-lightbox=\"no\" href=\"https:\/\/stuttgart.portugal.de\" target=\"_blank\"><figure class=\"swiper-slide-inner\"><img decoding=\"async\" class=\"swiper-slide-image\" src=\"https:\/\/portugal.de\/wp-content\/uploads\/2023\/07\/pexels-photo-6053700-e1689150215612-300x300.jpeg\" alt=\"Stuttgart\" \/><figcaption class=\"elementor-image-carousel-caption\">Portugal em Estugarda<\/figcaption><\/figure><\/a><\/div>                <\/div>\n\t\t\t\t\t\t\t\t\t                        <div class=\"swiper-pagination\"><\/div>\n\t\t\t\t\t\t\t\t\t\t                        <div class=\"elementor-swiper-button elementor-swiper-button-prev\">\n                            <i class=\"eicon-chevron-left\" aria-hidden=\"true\"><\/i>\n                            <span class=\"elementor-screen-only\">Zur\u00fcck<\/span>\n                        <\/div>\n                        <div class=\"elementor-swiper-button elementor-swiper-button-next\">\n                            <i class=\"eicon-chevron-right\" aria-hidden=\"true\"><\/i>\n                            <span class=\"elementor-screen-only\">Weiter<\/span>\n                        <\/div>\n\t\t\t\t\t\t\t\t\t            <\/div>\n\t\t\t\t\t\t\t<\/div>\n\t\t\t\t<\/div>\n\t\t\t\t\t<\/div>\n\t\t<\/div>\n\t\t\t\t\t<\/div>\n\t\t<\/section>\n\t\t\t\t<section class=\"elementor-section elementor-top-section elementor-element elementor-element-9e00104 elementor-section-boxed elementor-section-height-default elementor-section-height-default\" data-id=\"9e00104\" data-element_type=\"section\" data-e-type=\"section\">\n\t\t\t\t\t\t<div class=\"elementor-container elementor-column-gap-default\">\n\t\t\t\t\t<div class=\"elementor-column elementor-col-50 elementor-top-column elementor-element elementor-element-563ca4f\" data-id=\"563ca4f\" data-element_type=\"column\" data-e-type=\"column\">\n\t\t\t<div class=\"elementor-widget-wrap\">\n\t\t\t\t\t\t\t<\/div>\n\t\t<\/div>\n\t\t\t\t<div class=\"elementor-column elementor-col-50 elementor-top-column elementor-element elementor-element-f298839\" data-id=\"f298839\" data-element_type=\"column\" data-e-type=\"column\">\n\t\t\t<div class=\"elementor-widget-wrap elementor-element-populated\">\n\t\t\t\t\t\t<div class=\"elementor-element elementor-element-772b2ff elementor-widget elementor-widget-heading\" data-id=\"772b2ff\" data-element_type=\"widget\" data-e-type=\"widget\" data-widget_type=\"heading.default\">\n\t\t\t\t<div class=\"elementor-widget-container\">\n\t\t\t\t\t<h3 class=\"elementor-heading-title elementor-size-default\">Rede Institucional na Alemanha:<\/h3>\t\t\t\t<\/div>\n\t\t\t\t<\/div>\n\t\t\t\t\t<\/div>\n\t\t<\/div>\n\t\t\t\t\t<\/div>\n\t\t<\/section>\n\t\t\t\t<section class=\"elementor-section elementor-top-section elementor-element elementor-element-01e5be7 elementor-section-boxed elementor-section-height-default elementor-section-height-default\" data-id=\"01e5be7\" data-element_type=\"section\" data-e-type=\"section\">\n\t\t\t\t\t\t<div class=\"elementor-container elementor-column-gap-default\">\n\t\t\t\t\t<div class=\"elementor-column elementor-col-33 elementor-top-column elementor-element elementor-element-71ac3c3\" data-id=\"71ac3c3\" data-element_type=\"column\" data-e-type=\"column\">\n\t\t\t<div class=\"elementor-widget-wrap elementor-element-populated\">\n\t\t\t\t\t\t<div class=\"elementor-element elementor-element-d48b894 elementor-widget elementor-widget-image\" data-id=\"d48b894\" data-element_type=\"widget\" data-e-type=\"widget\" data-widget_type=\"image.default\">\n\t\t\t\t<div class=\"elementor-widget-container\">\n\t\t\t\t\t\t\t\t\t\t\t\t\t\t\t\t<a href=\"https:\/\/portugalglobal.pt\/en\/\" target=\"_blank\">\n\t\t\t\t\t\t\t<img fetchpriority=\"high\" decoding=\"async\" width=\"276\" height=\"275\" src=\"https:\/\/portugal.de\/wp-content\/uploads\/2025\/10\/AICEP_275-275-1.png\" class=\"elementor-animation-grow attachment-medium size-medium wp-image-205\" alt=\"\" srcset=\"https:\/\/portugal.de\/wp-content\/uploads\/2025\/10\/AICEP_275-275-1.png 276w, https:\/\/portugal.de\/wp-content\/uploads\/2025\/10\/AICEP_275-275-1-150x150.png 150w, https:\/\/portugal.de\/wp-content\/uploads\/2025\/10\/AICEP_275-275-1-12x12.png 12w\" sizes=\"100vw\" \/>\t\t\t\t\t\t\t\t<\/a>\n\t\t\t\t\t\t\t\t\t\t\t\t\t\t\t<\/div>\n\t\t\t\t<\/div>\n\t\t\t\t<div class=\"elementor-element elementor-element-5b96d1f elementor-widget elementor-widget-heading\" data-id=\"5b96d1f\" data-element_type=\"widget\" data-e-type=\"widget\" data-widget_type=\"heading.default\">\n\t\t\t\t<div class=\"elementor-widget-container\">\n\t\t\t\t\t<h4 class=\"elementor-heading-title elementor-size-medium\">AICEP Portugal<br>Trade &amp; Invest<\/h4>\t\t\t\t<\/div>\n\t\t\t\t<\/div>\n\t\t\t\t\t<\/div>\n\t\t<\/div>\n\t\t\t\t<div class=\"elementor-column elementor-col-33 elementor-top-column elementor-element elementor-element-1a550b2\" data-id=\"1a550b2\" data-element_type=\"column\" data-e-type=\"column\">\n\t\t\t<div class=\"elementor-widget-wrap elementor-element-populated\">\n\t\t\t\t\t\t<div class=\"elementor-element elementor-element-edc2f55 elementor-widget elementor-widget-image\" data-id=\"edc2f55\" data-element_type=\"widget\" data-e-type=\"widget\" data-widget_type=\"image.default\">\n\t\t\t\t<div class=\"elementor-widget-container\">\n\t\t\t\t\t\t\t\t\t\t\t\t\t\t\t\t<a href=\"https:\/\/berlim.embaixadaportugal.mne.gov.pt\/de\/\" target=\"_blank\">\n\t\t\t\t\t\t\t<img decoding=\"async\" width=\"275\" height=\"275\" src=\"https:\/\/portugal.de\/wp-content\/uploads\/2023\/07\/botschaft_von_portugal-1.png\" class=\"elementor-animation-grow attachment-medium size-medium wp-image-47\" alt=\"\" srcset=\"https:\/\/portugal.de\/wp-content\/uploads\/2023\/07\/botschaft_von_portugal-1.png 275w, https:\/\/portugal.de\/wp-content\/uploads\/2023\/07\/botschaft_von_portugal-1-150x150.png 150w, https:\/\/portugal.de\/wp-content\/uploads\/2023\/07\/botschaft_von_portugal-1-12x12.png 12w\" sizes=\"100vw\" \/>\t\t\t\t\t\t\t\t<\/a>\n\t\t\t\t\t\t\t\t\t\t\t\t\t\t\t<\/div>\n\t\t\t\t<\/div>\n\t\t\t\t<div class=\"elementor-element elementor-element-904ce0c elementor-widget elementor-widget-heading\" data-id=\"904ce0c\" data-element_type=\"widget\" data-e-type=\"widget\" data-widget_type=\"heading.default\">\n\t\t\t\t<div class=\"elementor-widget-container\">\n\t\t\t\t\t<h4 class=\"elementor-heading-title elementor-size-medium\">Embaixada de Portugal<\/h4>\t\t\t\t<\/div>\n\t\t\t\t<\/div>\n\t\t\t\t\t<\/div>\n\t\t<\/div>\n\t\t\t\t<div class=\"elementor-column elementor-col-33 elementor-top-column elementor-element elementor-element-4fe1c06\" data-id=\"4fe1c06\" data-element_type=\"column\" data-e-type=\"column\">\n\t\t\t<div class=\"elementor-widget-wrap elementor-element-populated\">\n\t\t\t\t\t\t<div class=\"elementor-element elementor-element-86dd22b elementor-widget elementor-widget-image\" data-id=\"86dd22b\" data-element_type=\"widget\" data-e-type=\"widget\" data-widget_type=\"image.default\">\n\t\t\t\t<div class=\"elementor-widget-container\">\n\t\t\t\t\t\t\t\t\t\t\t\t\t\t\t\t<a href=\"https:\/\/www.visitportugal.com\/de\" target=\"_blank\">\n\t\t\t\t\t\t\t<img decoding=\"async\" width=\"275\" height=\"275\" src=\"https:\/\/portugal.de\/wp-content\/uploads\/2023\/07\/turismo_de_portugal.png\" class=\"elementor-animation-grow attachment-large size-large wp-image-45\" alt=\"\" srcset=\"https:\/\/portugal.de\/wp-content\/uploads\/2023\/07\/turismo_de_portugal.png 275w, https:\/\/portugal.de\/wp-content\/uploads\/2023\/07\/turismo_de_portugal-150x150.png 150w, https:\/\/portugal.de\/wp-content\/uploads\/2023\/07\/turismo_de_portugal-12x12.png 12w\" sizes=\"100vw\" \/>\t\t\t\t\t\t\t\t<\/a>\n\t\t\t\t\t\t\t\t\t\t\t\t\t\t\t<\/div>\n\t\t\t\t<\/div>\n\t\t\t\t<div class=\"elementor-element elementor-element-89c4fe8 elementor-widget elementor-widget-heading\" data-id=\"89c4fe8\" data-element_type=\"widget\" data-e-type=\"widget\" data-widget_type=\"heading.default\">\n\t\t\t\t<div class=\"elementor-widget-container\">\n\t\t\t\t\t<h4 class=\"elementor-heading-title elementor-size-medium\">Turismo de Portugal<\/h4>\t\t\t\t<\/div>\n\t\t\t\t<\/div>\n\t\t\t\t\t<\/div>\n\t\t<\/div>\n\t\t\t\t\t<\/div>\n\t\t<\/section>\n\t\t\t\t<section class=\"elementor-section elementor-top-section elementor-element elementor-element-2fe13ac6 elementor-section-boxed elementor-section-height-default elementor-section-height-default\" data-id=\"2fe13ac6\" data-element_type=\"section\" data-e-type=\"section\">\n\t\t\t\t\t\t<div class=\"elementor-container elementor-column-gap-default\">\n\t\t\t\t\t<div class=\"elementor-column elementor-col-100 elementor-top-column elementor-element elementor-element-86c1e19\" data-id=\"86c1e19\" data-element_type=\"column\" data-e-type=\"column\">\n\t\t\t<div class=\"elementor-widget-wrap elementor-element-populated\">\n\t\t\t\t\t\t<div class=\"elementor-element elementor-element-e79e750 elementor-shape-circle elementor-grid-2 e-grid-align-center elementor-widget elementor-widget-social-icons\" data-id=\"e79e750\" data-element_type=\"widget\" data-e-type=\"widget\" data-widget_type=\"social-icons.default\">\n\t\t\t\t<div class=\"elementor-widget-container\">\n\t\t\t\t\t\t\t<div class=\"elementor-social-icons-wrapper elementor-grid\" role=\"list\">\n\t\t\t\t\t\t\t<span class=\"elementor-grid-item\" role=\"listitem\">\n\t\t\t\t\t<a class=\"elementor-icon elementor-social-icon elementor-social-icon-linkedin elementor-repeater-item-a20c2c8\" href=\"https:\/\/www.linkedin.com\/company\/aicep-portugal\/\" target=\"_blank\">\n\t\t\t\t\t\t<span class=\"elementor-screen-only\">Linkedin<\/span>\n\t\t\t\t\t\t<i aria-hidden=\"true\" class=\"fab fa-linkedin\"><\/i>\t\t\t\t\t<\/a>\n\t\t\t\t<\/span>\n\t\t\t\t\t\t\t<span class=\"elementor-grid-item\" role=\"listitem\">\n\t\t\t\t\t<a class=\"elementor-icon elementor-social-icon elementor-social-icon-envelope elementor-repeater-item-1505eb4\" href=\"mailto:aicep.berlin@portugalglobal.pt\" target=\"_blank\">\n\t\t\t\t\t\t<span class=\"elementor-screen-only\">Envelope<\/span>\n\t\t\t\t\t\t<i aria-hidden=\"true\" class=\"far fa-envelope\"><\/i>\t\t\t\t\t<\/a>\n\t\t\t\t<\/span>\n\t\t\t\t\t<\/div>\n\t\t\t\t\t\t<\/div>\n\t\t\t\t<\/div>\n\t\t\t\t\t<\/div>\n\t\t<\/div>\n\t\t\t\t\t<\/div>\n\t\t<\/section>\n\t\t\t\t<\/div>","protected":false},"excerpt":{"rendered":"<p>Portugal in Berlin Portugal in D\u00fcsseldorf Portugal in Frankfurt Portugal in Hamburg Portugal in M\u00fcnchen Portugal in Stuttgart Zur\u00fcck Weiter Institutionelles Netzwerk in Deutschland: AICEP PortugalTrade &amp; Invest Botschaft von Portugal Fremdenverkehrsamt Linkedin Envelope<\/p>","protected":false},"author":2,"featured_media":7,"parent":0,"menu_order":0,"comment_status":"closed","ping_status":"closed","template":"","meta":{"_monsterinsights_skip_tracking":false,"_monsterinsights_sitenote_active":false,"_monsterinsights_sitenote_note":"","_monsterinsights_sitenote_category":0,"inspiro_hide_title":false,"footnotes":""},"class_list":["post-8","page","type-page","status-publish","has-post-thumbnail","hentry"],"_links":{"self":[{"href":"https:\/\/portugal.de\/pt\/wp-json\/wp\/v2\/pages\/8","targetHints":{"allow":["GET"]}}],"collection":[{"href":"https:\/\/portugal.de\/pt\/wp-json\/wp\/v2\/pages"}],"about":[{"href":"https:\/\/portugal.de\/pt\/wp-json\/wp\/v2\/types\/page"}],"author":[{"embeddable":true,"href":"https:\/\/portugal.de\/pt\/wp-json\/wp\/v2\/users\/2"}],"replies":[{"embeddable":true,"href":"https:\/\/portugal.de\/pt\/wp-json\/wp\/v2\/comments?post=8"}],"version-history":[{"count":119,"href":"https:\/\/portugal.de\/pt\/wp-json\/wp\/v2\/pages\/8\/revisions"}],"predecessor-version":[{"id":220,"href":"https:\/\/portugal.de\/pt\/wp-json\/wp\/v2\/pages\/8\/revisions\/220"}],"wp:featuredmedia":[{"embeddable":true,"href":"https:\/\/portugal.de\/pt\/wp-json\/wp\/v2\/media\/7"}],"wp:attachment":[{"href":"https:\/\/portugal.de\/pt\/wp-json\/wp\/v2\/media?parent=8"}],"curies":[{"name":"wp","href":"https:\/\/api.w.org\/{rel}","templated":true}]}}